{"id":2646,"date":"2026-03-11T15:41:41","date_gmt":"2026-03-11T15:41:41","guid":{"rendered":"https:\/\/www.lafarques.be\/menue-diamant-noir\/"},"modified":"2026-03-12T00:23:48","modified_gmt":"2026-03-12T00:23:48","slug":"menue-diamant-noir","status":"publish","type":"page","link":"https:\/\/www.lafarques.be\/de\/restaurant\/menue-diamant-noir\/","title":{"rendered":"Men\u00fc Diamant Noir"},"content":{"rendered":"\t\t<div data-elementor-type=\"wp-page\" data-elementor-id=\"2646\" class=\"elementor elementor-2646 elementor-2425\" data-elementor-post-type=\"page\">\n\t\t\t\t<div class=\"elementor-element elementor-element-a51ab2b e-con-full e-flex e-con e-parent\" data-id=\"a51ab2b\" data-element_type=\"container\" data-e-type=\"container\" data-settings=\"{&quot;jet_parallax_layout_list&quot;:[]}\">\n\t\t<div class=\"elementor-element elementor-element-8b73fc1 e-con-full e-flex e-con e-child\" data-id=\"8b73fc1\" data-element_type=\"container\" data-e-type=\"container\" data-settings=\"{&quot;background_background&quot;:&quot;classic&quot;,&quot;jet_parallax_layout_list&quot;:[]}\">\n\t\t\t\t<\/div>\n\t\t<div class=\"elementor-element elementor-element-595a7ae e-con-full e-flex e-con e-child\" data-id=\"595a7ae\" data-element_type=\"container\" data-e-type=\"container\" data-settings=\"{&quot;background_background&quot;:&quot;classic&quot;,&quot;jet_parallax_layout_list&quot;:[]}\">\n\t\t<div class=\"elementor-element elementor-element-14219b8 e-con-full e-flex e-con e-child\" data-id=\"14219b8\" data-element_type=\"container\" data-e-type=\"container\" data-settings=\"{&quot;jet_parallax_layout_list&quot;:[]}\">\n\t\t\t\t<div class=\"elementor-element elementor-element-db01952 elementor-widget elementor-widget-heading\" data-id=\"db01952\" data-element_type=\"widget\" data-e-type=\"widget\" data-widget_type=\"heading.default\">\n\t\t\t\t<div class=\"elementor-widget-container\">\n\t\t\t\t\t<h2 class=\"elementor-heading-title elementor-size-default\">Men\u00fc Diamant Noir<\/h2>\t\t\t\t<\/div>\n\t\t\t\t<\/div>\n\t\t<div class=\"elementor-element elementor-element-98dc3ca e-con-full e-flex e-con e-child\" data-id=\"98dc3ca\" data-element_type=\"container\" data-e-type=\"container\" data-settings=\"{&quot;jet_parallax_layout_list&quot;:[]}\">\n\t\t<div class=\"elementor-element elementor-element-7cf9da7 e-con-full e-flex e-con e-child\" data-id=\"7cf9da7\" data-element_type=\"container\" data-e-type=\"container\" data-settings=\"{&quot;jet_parallax_layout_list&quot;:[]}\">\n\t\t<div class=\"elementor-element elementor-element-7871fcd e-con-full e-flex e-con e-child\" data-id=\"7871fcd\" data-element_type=\"container\" data-e-type=\"container\" data-settings=\"{&quot;jet_parallax_layout_list&quot;:[]}\">\n\t\t\t\t<div class=\"elementor-element elementor-element-3681bc4 elementor-widget elementor-widget-text-editor\" data-id=\"3681bc4\" data-element_type=\"widget\" data-e-type=\"widget\" data-widget_type=\"text-editor.default\">\n\t\t\t\t<div class=\"elementor-widget-container\">\n\t\t\t\t\t\t\t\t\t<p>Men\u00fc Diamant Noir 5 G\u00e4nge: 149,00 \u20ac\/Person<\/p><p> <\/p><p><a href=\"https:\/\/www.lafarques.be\/wp-content\/uploads\/2026\/03\/MENU-DIAMANT-NOIR-2026.pdf\">Men\u00fc entdecken<\/a><\/p><p> <\/p><p>Eine wahre Ode an die schwarze Tr\u00fcffel \u201eTuber melanosporum\u201c.<br>Von Erinnerungen an das \u201eConnaught\u201c in London mit Michel Bourdin, wo man \u201eim Jahr 100 kg Tr\u00fcffel verarbeitet hat!!\u201c, \u00fcber die legend\u00e4ren K\u00fcchen des \u201eDe Bijgaarden\u201c oder des \u201eSea Grill\u201c \u2013 die Tr\u00fcffel-Ekstase hat nie aufgeh\u00f6rt, sich mit den Kreationen zu verbinden, die Olivier Tucki Ihnen in der Hostellerie Lafarques anbietet.<\/p>\t\t\t\t\t\t\t\t<\/div>\n\t\t\t\t<\/div>\n\t\t\t\t<\/div>\n\t\t\t\t<\/div>\n\t\t\t\t<\/div>\n\t\t\t\t<\/div>\n\t\t\t\t<\/div>\n\t\t\t\t<\/div>\n\t\t\t\t<\/div>\n\t\t","protected":false},"excerpt":{"rendered":"<p>Men\u00fc Diamant Noir Men\u00fc Diamant Noir 5 G\u00e4nge: 149,00 \u20ac\/Person Men\u00fc entdecken Eine wahre Ode an die schwarze Tr\u00fcffel \u201eTuber melanosporum\u201c.Von Erinnerungen an das \u201eConnaught\u201c in London mit Michel Bourdin, wo man \u201eim Jahr 100 kg Tr\u00fcffel verarbeitet hat!!\u201c, \u00fcber die legend\u00e4ren K\u00fcchen des \u201eDe Bijgaarden\u201c oder des \u201eSea Grill\u201c \u2013 die Tr\u00fcffel-Ekstase hat nie [&hellip;]<\/p>\n","protected":false},"author":1,"featured_media":0,"parent":3239,"menu_order":0,"comment_status":"closed","ping_status":"closed","template":"","meta":{"footnotes":""},"class_list":["post-2646","page","type-page","status-publish","hentry"],"_links":{"self":[{"href":"https:\/\/www.lafarques.be\/de\/wp-json\/wp\/v2\/pages\/2646","targetHints":{"allow":["GET"]}}],"collection":[{"href":"https:\/\/www.lafarques.be\/de\/wp-json\/wp\/v2\/pages"}],"about":[{"href":"https:\/\/www.lafarques.be\/de\/wp-json\/wp\/v2\/types\/page"}],"author":[{"embeddable":true,"href":"https:\/\/www.lafarques.be\/de\/wp-json\/wp\/v2\/users\/1"}],"replies":[{"embeddable":true,"href":"https:\/\/www.lafarques.be\/de\/wp-json\/wp\/v2\/comments?post=2646"}],"version-history":[{"count":1,"href":"https:\/\/www.lafarques.be\/de\/wp-json\/wp\/v2\/pages\/2646\/revisions"}],"predecessor-version":[{"id":2648,"href":"https:\/\/www.lafarques.be\/de\/wp-json\/wp\/v2\/pages\/2646\/revisions\/2648"}],"up":[{"embeddable":true,"href":"https:\/\/www.lafarques.be\/de\/wp-json\/wp\/v2\/pages\/3239"}],"wp:attachment":[{"href":"https:\/\/www.lafarques.be\/de\/wp-json\/wp\/v2\/media?parent=2646"}],"curies":[{"name":"wp","href":"https:\/\/api.w.org\/{rel}","templated":true}]}}